{"id":171,"date":"2024-01-20T13:59:45","date_gmt":"2024-01-20T13:59:45","guid":{"rendered":"https:\/\/www.beraterinnennetzwerk.de\/?post_type=project&#038;p=171"},"modified":"2024-11-19T21:49:12","modified_gmt":"2024-11-19T21:49:12","slug":"verena-pahmeier","status":"publish","type":"project","link":"https:\/\/www.beraterinnennetzwerk.de\/index.php\/project\/verena-pahmeier\/","title":{"rendered":"Verena Pahmeier"},"content":{"rendered":"<p>[et_pb_section fb_built=&#8220;1&#8243; admin_label=&#8220;Einzelansicht Beraterin&#8220; _builder_version=&#8220;4.16&#8243; global_colors_info=&#8220;{}&#8220;][et_pb_row column_structure=&#8220;1_3,2_3&#8243; admin_label=&#8220;row&#8220; _builder_version=&#8220;4.16&#8243; background_size=&#8220;initial&#8220; background_position=&#8220;top_left&#8220; background_repeat=&#8220;repeat&#8220; global_colors_info=&#8220;{}&#8220;][et_pb_column type=&#8220;1_3&#8243; _builder_version=&#8220;4.16&#8243; custom_padding=&#8220;|||&#8220; global_colors_info=&#8220;{}&#8220; custom_padding__hover=&#8220;|||&#8220;][et_pb_image src=&#8220;https:\/\/www.beraterinnennetzwerk.de\/wp-content\/uploads\/2024\/08\/Pahmeier.jpg&#8220; title_text=&#8220;Pahmeier&#8220; _builder_version=&#8220;4.27.0&#8243; global_colors_info=&#8220;{}&#8220;][\/et_pb_image][\/et_pb_column][et_pb_column type=&#8220;2_3&#8243; _builder_version=&#8220;4.16&#8243; custom_padding=&#8220;|||&#8220; global_colors_info=&#8220;{}&#8220; custom_padding__hover=&#8220;|||&#8220;][et_pb_text admin_label=&#8220;Text&#8220; _builder_version=&#8220;4.27.3&#8243; background_size=&#8220;initial&#8220; background_position=&#8220;top_left&#8220; background_repeat=&#8220;repeat&#8220; hover_enabled=&#8220;0&#8243; global_colors_info=&#8220;{}&#8220; sticky_enabled=&#8220;0&#8243;]<\/p>\n<h2><strong>Verena Pahmeier<br \/><\/strong><\/h2>\n<p>&nbsp;<\/p>\n<p><em><strong>Dipl.-Medienwirtin<br \/>Kommunikation und Marketing<\/strong><\/em><\/p>\n<p>Gerade zu Beginn der Gr\u00fcndung steht die Frage, wie man sich mit seiner Idee am Markt positionieren m\u00f6chte, an <strong>erster<\/strong> Stelle.<\/p>\n<ul>\n<li>Was biete ich an?<\/li>\n<li>Wen m\u00f6chte ich ansprechen, wer ist mein Zielkunde?<\/li>\n<li>Worin unterscheide ich mich von der Konkurrenz, was ist mein USP, mein Alleinstellungsmerkmal?<\/li>\n<li>Welchen besonderen Nutzen m\u00f6chte ich f\u00fcr meine Kunden in den Fokus r\u00fccken?<\/li>\n<li>Wie m\u00f6chte ich nach au\u00dfen wirken?<\/li>\n<li>Welche Farben, Formen (Corporate Design) sollen meine Werte, mein Unternehmen repr\u00e4sentieren?<\/li>\n<li>Welche Kan\u00e4le sind f\u00fcr mich relevant, wo halten sich meine Interessenten auf, mit welchen Botschaften, bzw. welchen Inhalten erreiche ich diese (Website, Printmedien, Social Media)?<\/li>\n<\/ul>\n<p>Mit Blick auf Zeit und Kosten setzen wir qualitativ hochwertige Kommunikationsl\u00f6sungen um und betreuen Sie bei Ihrem zielgruppenorientierten Auftritt mit Hilfe eines stimmigen, authentischen Designs: Logodesign, Website-Design, Visitenkarten, Briefb\u00f6gen, Flyer &#8230;<\/p>\n<p>Die F\u00f6rderung von Frauen liegt uns besonders am Herzen. Gen\u00fcgend Stolpersteine haben wir schon in der eigenen Historie kennengelernt \u2013 sch\u00f6n, ein Teil des BeraterinnenNetzwerkes sein zu k\u00f6nnen, das gerade Frauen auf dem Weg in die Selbst\u00e4ndigkeit umfassend unterst\u00fctzt und ermutigt.<\/p>\n<p><img loading=\"lazy\" decoding=\"async\" class=\"wp-image-955 alignnone \" src=\"https:\/\/www.beraterinnennetzwerk.de\/wp-content\/uploads\/2020\/01\/concre-logo-peachpink-full-color-rgb-900px-w-72ppi-300x120.png\" alt=\"\" width=\"170\" height=\"68\" \/><\/p>\n<p>Concr\u00e9 GmbH<br \/>Manufaktur f\u00fcr Konzeption &amp; Kreation<br \/>Frankfurter Str. 38a<br \/>53773 Hennef<\/p>\n<p>Tel: +49 2242 9694999<br \/>Mobil: +49 163 3791662<br \/>E-Mail: <a href=\"mailto:info@concre.de\">info@concre.de<\/a><br \/>Web: <a href=\"https:\/\/www.concre.de\/\" target=\"_blank\" rel=\"noopener noreferrer\">www.concre.de<\/a><\/p>\n<p>&nbsp;<\/p>\n<p>[\/et_pb_text][\/et_pb_column][\/et_pb_row][\/et_pb_section][et_pb_section fb_built=&#8220;1&#8243; admin_label=&#8220;Beraterinnen Portfolio&#8220; _builder_version=&#8220;4.16&#8243; global_colors_info=&#8220;{}&#8220;][et_pb_row _builder_version=&#8220;4.16&#8243; global_colors_info=&#8220;{}&#8220;][et_pb_column type=&#8220;4_4&#8243; _builder_version=&#8220;4.16&#8243; global_colors_info=&#8220;{}&#8220;][et_pb_filterable_portfolio fullwidth=&#8220;off&#8220; include_categories=&#8220;4,5,6,3,7,8,9,10,2,11,12,13,14,15,16,17,18,19,21,20&#8243; _builder_version=&#8220;4.16&#8243; global_colors_info=&#8220;{}&#8220;][\/et_pb_filterable_portfolio][\/et_pb_column][\/et_pb_row][\/et_pb_section]<\/p>\n","protected":false},"excerpt":{"rendered":"<p>Verena Pahmeier &nbsp; Dipl.-MedienwirtinKommunikation und Marketing Gerade zu Beginn der Gr\u00fcndung steht die Frage, wie man sich mit seiner Idee am Markt positionieren m\u00f6chte, an erster Stelle. Was biete ich an? Wen m\u00f6chte ich ansprechen, wer ist mein Zielkunde? Worin unterscheide ich mich von der Konkurrenz, was ist mein USP, mein Alleinstellungsmerkmal? Welchen besonderen Nutzen [&hellip;]<\/p>\n","protected":false},"author":2,"featured_media":850,"comment_status":"open","ping_status":"closed","template":"","meta":{"_et_pb_use_builder":"on","_et_pb_old_content":"","_et_gb_content_width":"","footnotes":""},"project_category":[30,13],"project_tag":[49,48,50,41,51],"class_list":["post-171","project","type-project","status-publish","has-post-thumbnail","hentry","project_category-design","project_category-marketing","project_tag-corporate-design","project_tag-design","project_tag-grafik","project_tag-marketing","project_tag-websites"],"yoast_head":"<!-- This site is optimized with the Yoast SEO plugin v27.4 - https:\/\/yoast.com\/product\/yoast-seo-wordpress\/ -->\n<title>Verena Pahmeier - Beraterinnennetzwerk Bonn\/Rhein-Sieg<\/title>\n<meta name=\"robots\" content=\"index, follow, max-snippet:-1, max-image-preview:large, max-video-preview:-1\" \/>\n<link rel=\"canonical\" href=\"https:\/\/www.beraterinnennetzwerk.de\/index.php\/project\/verena-pahmeier\/\" \/>\n<meta property=\"og:locale\" content=\"de_DE\" \/>\n<meta property=\"og:type\" content=\"article\" \/>\n<meta property=\"og:title\" content=\"Verena Pahmeier - Beraterinnennetzwerk Bonn\/Rhein-Sieg\" \/>\n<meta property=\"og:description\" content=\"Verena Pahmeier &nbsp; Dipl.-MedienwirtinKommunikation und Marketing Gerade zu Beginn der Gr\u00fcndung steht die Frage, wie man sich mit seiner Idee am Markt positionieren m\u00f6chte, an erster Stelle. Was biete ich an? Wen m\u00f6chte ich ansprechen, wer ist mein Zielkunde? Worin unterscheide ich mich von der Konkurrenz, was ist mein USP, mein Alleinstellungsmerkmal? Welchen besonderen Nutzen [&hellip;]\" \/>\n<meta property=\"og:url\" content=\"https:\/\/www.beraterinnennetzwerk.de\/index.php\/project\/verena-pahmeier\/\" \/>\n<meta property=\"og:site_name\" content=\"Beraterinnennetzwerk Bonn\/Rhein-Sieg\" \/>\n<meta property=\"article:modified_time\" content=\"2024-11-19T21:49:12+00:00\" \/>\n<meta property=\"og:image\" content=\"https:\/\/www.beraterinnennetzwerk.de\/wp-content\/uploads\/2024\/08\/Pahmeier.jpg\" \/>\n\t<meta property=\"og:image:width\" content=\"901\" \/>\n\t<meta property=\"og:image:height\" content=\"601\" \/>\n\t<meta property=\"og:image:type\" content=\"image\/jpeg\" \/>\n<meta name=\"twitter:card\" content=\"summary_large_image\" \/>\n<meta name=\"twitter:label1\" content=\"Gesch\u00e4tzte Lesezeit\" \/>\n\t<meta name=\"twitter:data1\" content=\"7\u00a0Minuten\" \/>\n<script type=\"application\/ld+json\" class=\"yoast-schema-graph\">{\"@context\":\"https:\\\/\\\/schema.org\",\"@graph\":[{\"@type\":\"WebPage\",\"@id\":\"https:\\\/\\\/www.beraterinnennetzwerk.de\\\/index.php\\\/project\\\/verena-pahmeier\\\/\",\"url\":\"https:\\\/\\\/www.beraterinnennetzwerk.de\\\/index.php\\\/project\\\/verena-pahmeier\\\/\",\"name\":\"Verena Pahmeier - Beraterinnennetzwerk Bonn\\\/Rhein-Sieg\",\"isPartOf\":{\"@id\":\"https:\\\/\\\/www.beraterinnennetzwerk.de\\\/#website\"},\"primaryImageOfPage\":{\"@id\":\"https:\\\/\\\/www.beraterinnennetzwerk.de\\\/index.php\\\/project\\\/verena-pahmeier\\\/#primaryimage\"},\"image\":{\"@id\":\"https:\\\/\\\/www.beraterinnennetzwerk.de\\\/index.php\\\/project\\\/verena-pahmeier\\\/#primaryimage\"},\"thumbnailUrl\":\"https:\\\/\\\/www.beraterinnennetzwerk.de\\\/wp-content\\\/uploads\\\/2024\\\/08\\\/Pahmeier.jpg\",\"datePublished\":\"2024-01-20T13:59:45+00:00\",\"dateModified\":\"2024-11-19T21:49:12+00:00\",\"breadcrumb\":{\"@id\":\"https:\\\/\\\/www.beraterinnennetzwerk.de\\\/index.php\\\/project\\\/verena-pahmeier\\\/#breadcrumb\"},\"inLanguage\":\"de\",\"potentialAction\":[{\"@type\":\"ReadAction\",\"target\":[\"https:\\\/\\\/www.beraterinnennetzwerk.de\\\/index.php\\\/project\\\/verena-pahmeier\\\/\"]}]},{\"@type\":\"ImageObject\",\"inLanguage\":\"de\",\"@id\":\"https:\\\/\\\/www.beraterinnennetzwerk.de\\\/index.php\\\/project\\\/verena-pahmeier\\\/#primaryimage\",\"url\":\"https:\\\/\\\/www.beraterinnennetzwerk.de\\\/wp-content\\\/uploads\\\/2024\\\/08\\\/Pahmeier.jpg\",\"contentUrl\":\"https:\\\/\\\/www.beraterinnennetzwerk.de\\\/wp-content\\\/uploads\\\/2024\\\/08\\\/Pahmeier.jpg\",\"width\":901,\"height\":601,\"caption\":\"Verena Pahmeier\"},{\"@type\":\"BreadcrumbList\",\"@id\":\"https:\\\/\\\/www.beraterinnennetzwerk.de\\\/index.php\\\/project\\\/verena-pahmeier\\\/#breadcrumb\",\"itemListElement\":[{\"@type\":\"ListItem\",\"position\":1,\"name\":\"Startseite\",\"item\":\"https:\\\/\\\/www.beraterinnennetzwerk.de\\\/\"},{\"@type\":\"ListItem\",\"position\":2,\"name\":\"Projekte\",\"item\":\"https:\\\/\\\/www.beraterinnennetzwerk.de\\\/index.php\\\/project\\\/\"},{\"@type\":\"ListItem\",\"position\":3,\"name\":\"Verena Pahmeier\"}]},{\"@type\":\"WebSite\",\"@id\":\"https:\\\/\\\/www.beraterinnennetzwerk.de\\\/#website\",\"url\":\"https:\\\/\\\/www.beraterinnennetzwerk.de\\\/\",\"name\":\"Beraterinnennetzwerk Bonn\\\/Rhein-Sieg\",\"description\":\"Gr\u00fcndungsberatung f\u00fcr Frauen\",\"potentialAction\":[{\"@type\":\"SearchAction\",\"target\":{\"@type\":\"EntryPoint\",\"urlTemplate\":\"https:\\\/\\\/www.beraterinnennetzwerk.de\\\/?s={search_term_string}\"},\"query-input\":{\"@type\":\"PropertyValueSpecification\",\"valueRequired\":true,\"valueName\":\"search_term_string\"}}],\"inLanguage\":\"de\"}]}<\/script>\n<!-- \/ Yoast SEO plugin. -->","yoast_head_json":{"title":"Verena Pahmeier - Beraterinnennetzwerk Bonn\/Rhein-Sieg","robots":{"index":"index","follow":"follow","max-snippet":"max-snippet:-1","max-image-preview":"max-image-preview:large","max-video-preview":"max-video-preview:-1"},"canonical":"https:\/\/www.beraterinnennetzwerk.de\/index.php\/project\/verena-pahmeier\/","og_locale":"de_DE","og_type":"article","og_title":"Verena Pahmeier - Beraterinnennetzwerk Bonn\/Rhein-Sieg","og_description":"Verena Pahmeier &nbsp; Dipl.-MedienwirtinKommunikation und Marketing Gerade zu Beginn der Gr\u00fcndung steht die Frage, wie man sich mit seiner Idee am Markt positionieren m\u00f6chte, an erster Stelle. Was biete ich an? Wen m\u00f6chte ich ansprechen, wer ist mein Zielkunde? Worin unterscheide ich mich von der Konkurrenz, was ist mein USP, mein Alleinstellungsmerkmal? Welchen besonderen Nutzen [&hellip;]","og_url":"https:\/\/www.beraterinnennetzwerk.de\/index.php\/project\/verena-pahmeier\/","og_site_name":"Beraterinnennetzwerk Bonn\/Rhein-Sieg","article_modified_time":"2024-11-19T21:49:12+00:00","og_image":[{"width":901,"height":601,"url":"https:\/\/www.beraterinnennetzwerk.de\/wp-content\/uploads\/2024\/08\/Pahmeier.jpg","type":"image\/jpeg"}],"twitter_card":"summary_large_image","twitter_misc":{"Gesch\u00e4tzte Lesezeit":"7\u00a0Minuten"},"schema":{"@context":"https:\/\/schema.org","@graph":[{"@type":"WebPage","@id":"https:\/\/www.beraterinnennetzwerk.de\/index.php\/project\/verena-pahmeier\/","url":"https:\/\/www.beraterinnennetzwerk.de\/index.php\/project\/verena-pahmeier\/","name":"Verena Pahmeier - Beraterinnennetzwerk Bonn\/Rhein-Sieg","isPartOf":{"@id":"https:\/\/www.beraterinnennetzwerk.de\/#website"},"primaryImageOfPage":{"@id":"https:\/\/www.beraterinnennetzwerk.de\/index.php\/project\/verena-pahmeier\/#primaryimage"},"image":{"@id":"https:\/\/www.beraterinnennetzwerk.de\/index.php\/project\/verena-pahmeier\/#primaryimage"},"thumbnailUrl":"https:\/\/www.beraterinnennetzwerk.de\/wp-content\/uploads\/2024\/08\/Pahmeier.jpg","datePublished":"2024-01-20T13:59:45+00:00","dateModified":"2024-11-19T21:49:12+00:00","breadcrumb":{"@id":"https:\/\/www.beraterinnennetzwerk.de\/index.php\/project\/verena-pahmeier\/#breadcrumb"},"inLanguage":"de","potentialAction":[{"@type":"ReadAction","target":["https:\/\/www.beraterinnennetzwerk.de\/index.php\/project\/verena-pahmeier\/"]}]},{"@type":"ImageObject","inLanguage":"de","@id":"https:\/\/www.beraterinnennetzwerk.de\/index.php\/project\/verena-pahmeier\/#primaryimage","url":"https:\/\/www.beraterinnennetzwerk.de\/wp-content\/uploads\/2024\/08\/Pahmeier.jpg","contentUrl":"https:\/\/www.beraterinnennetzwerk.de\/wp-content\/uploads\/2024\/08\/Pahmeier.jpg","width":901,"height":601,"caption":"Verena Pahmeier"},{"@type":"BreadcrumbList","@id":"https:\/\/www.beraterinnennetzwerk.de\/index.php\/project\/verena-pahmeier\/#breadcrumb","itemListElement":[{"@type":"ListItem","position":1,"name":"Startseite","item":"https:\/\/www.beraterinnennetzwerk.de\/"},{"@type":"ListItem","position":2,"name":"Projekte","item":"https:\/\/www.beraterinnennetzwerk.de\/index.php\/project\/"},{"@type":"ListItem","position":3,"name":"Verena Pahmeier"}]},{"@type":"WebSite","@id":"https:\/\/www.beraterinnennetzwerk.de\/#website","url":"https:\/\/www.beraterinnennetzwerk.de\/","name":"Beraterinnennetzwerk Bonn\/Rhein-Sieg","description":"Gr\u00fcndungsberatung f\u00fcr Frauen","potentialAction":[{"@type":"SearchAction","target":{"@type":"EntryPoint","urlTemplate":"https:\/\/www.beraterinnennetzwerk.de\/?s={search_term_string}"},"query-input":{"@type":"PropertyValueSpecification","valueRequired":true,"valueName":"search_term_string"}}],"inLanguage":"de"}]}},"_links":{"self":[{"href":"https:\/\/www.beraterinnennetzwerk.de\/index.php\/wp-json\/wp\/v2\/project\/171","targetHints":{"allow":["GET"]}}],"collection":[{"href":"https:\/\/www.beraterinnennetzwerk.de\/index.php\/wp-json\/wp\/v2\/project"}],"about":[{"href":"https:\/\/www.beraterinnennetzwerk.de\/index.php\/wp-json\/wp\/v2\/types\/project"}],"author":[{"embeddable":true,"href":"https:\/\/www.beraterinnennetzwerk.de\/index.php\/wp-json\/wp\/v2\/users\/2"}],"replies":[{"embeddable":true,"href":"https:\/\/www.beraterinnennetzwerk.de\/index.php\/wp-json\/wp\/v2\/comments?post=171"}],"version-history":[{"count":12,"href":"https:\/\/www.beraterinnennetzwerk.de\/index.php\/wp-json\/wp\/v2\/project\/171\/revisions"}],"predecessor-version":[{"id":956,"href":"https:\/\/www.beraterinnennetzwerk.de\/index.php\/wp-json\/wp\/v2\/project\/171\/revisions\/956"}],"wp:featuredmedia":[{"embeddable":true,"href":"https:\/\/www.beraterinnennetzwerk.de\/index.php\/wp-json\/wp\/v2\/media\/850"}],"wp:attachment":[{"href":"https:\/\/www.beraterinnennetzwerk.de\/index.php\/wp-json\/wp\/v2\/media?parent=171"}],"wp:term":[{"taxonomy":"project_category","embeddable":true,"href":"https:\/\/www.beraterinnennetzwerk.de\/index.php\/wp-json\/wp\/v2\/project_category?post=171"},{"taxonomy":"project_tag","embeddable":true,"href":"https:\/\/www.beraterinnennetzwerk.de\/index.php\/wp-json\/wp\/v2\/project_tag?post=171"}],"curies":[{"name":"wp","href":"https:\/\/api.w.org\/{rel}","templated":true}]}}